{"id":1,"type":"Standard","media":[],"seo":{"title":"Hotel Sperlhof in Windischgarsten in Ober\u00f6sterreich: sperlhof","meta":[{"name":"generator","content":"TYPO3 CMS"},{"name":"description","content":"Entdecken Sie das Hotel Sperlhof in Windischgarsten in Ober\u00f6sterreich \u2714 gem\u00fctliche Zimmer \u2714 Outdoor &amp; Indoor Pool \u2714 Wellnessbereich \u27a4 Jetzt buchen"},{"name":"twitter:card","content":"summary"}],"link":[{"href":"https:\/\/www.sperlhof.at\/de\/","rel":"canonical"},{"rel":"alternate","hreflang":"de-DE","href":"https:\/\/www.sperlhof.at\/de\/"},{"rel":"alternate","hreflang":"en","href":"https:\/\/www.sperlhof.at\/en\/"},{"rel":"alternate","hreflang":"nl","href":"https:\/\/www.sperlhof.at\/nl\/"},{"rel":"alternate","hreflang":"cs","href":"https:\/\/www.sperlhof.at\/cs\/"},{"rel":"alternate","hreflang":"x-default","href":"https:\/\/www.sperlhof.at\/de\/"}],"htmlAttrs":{"lang":"de","dir":null},"bodyAttrs":{"class":"pid-1 layout-layout-0"}},"meta":{"title":"Hotel Sperlhof in Windischgarsten in Ober\u00f6sterreich","subtitle":"Subtitle","abstract":"","description":"Entdecken Sie das Hotel Sperlhof in Windischgarsten in Ober\u00f6sterreich \u2714 gem\u00fctliche Zimmer \u2714 Outdoor & Indoor Pool \u2714 Wellnessbereich \u27a4 Jetzt buchen","keywords":"","canonical":"","robots":{"noIndex":false,"noFollow":false},"author":"","authorEmail":"","ogTitle":"Hotel Sperlhof in Windischgarsten","ogDescription":"Entdecken Sie das Hotel Sperlhof in Windischgarsten in Ober\u00f6sterreich \u2714 gem\u00fctliche Zimmer \u2714 Outdoor & Indoor Pool \u2714 Wellnessbereich \u27a4 Jetzt buchen","ogImage":null,"twitterTitle":"Hotel Sperlhof in Windischgarsten","twitterDescription":"Entdecken Sie das Hotel Sperlhof in Windischgarsten in Ober\u00f6sterreich \u2714 gem\u00fctliche Zimmer \u2714 Outdoor & Indoor Pool \u2714 Wellnessbereich \u27a4 Jetzt buchen","twitterCard":"summary","twitterImage":null,"summary":"","pagetitle":"Hotel Sperlhof in Windischgarsten"},"categories":"","breadcrumbs":[{"title":"Home","link":"\/de\/","target":"","active":1,"current":1,"spacer":0,"hasSubpages":1}],"appearance":{"layout":"layout-0","backendLayout":"home"},"content":{"colPos0":[{"id":195,"type":"mask_collage","colPos":0,"categories":"","appearance":{"layout":"default","frameClass":"default","spaceBefore":"","spaceAfter":"","type":"mask_collage"},"content":{"header":"Ihr Hotel in Ober\u00f6sterreich","subheader":"","headerLayout":0,"headerPosition":"","headerLink":"","summary":"Hotel Sperlhof in Windischgarsten.","bodytext":"<p class=\"lead\">Entdecken Sie das Hotel Sperlhof im sch\u00f6nen Windischgarsten in Ober\u00f6sterreich und verbringen Sie einen entspannten und unvergesslichen \u00d6sterreich Urlaub.<\/p>\n<p>Vom herzlichen Empfang und der Gastfreundschaft bis hin zum hoteleigenen Wellnessbereich inklusive Outdoor-Panoramapool, profitieren Sie von vielen <a href=\"\/de\/zimmer-pauschalen\/inklusivleistungen\">Inklusivleistungen<\/a>. Hier genie\u00dfen Sie die landschaftlichen Reize der Region Pyhrn-Priel in Ober\u00f6sterreich und verbringen Ihre Zeit in gem\u00fctlichen <a href=\"\/de\/zimmer-pauschalen\/zimmer-suiten\">Hotelzimmern<\/a>. Egal ob Gesch\u00e4ftsreise oder <a href=\"\/de\/familienurlaub\">Familienurlaub<\/a>, wir vom Sperlhof sind stets bem\u00fcht, Ihren Aufenthalt in unserem Haus so angenehm wie m\u00f6glich zu gestalten. Unser Hotel ist der ideale Ausgangspunkt f\u00fcr <a href=\"\/de\/natur-aktiv\/wandern\">Wanderungen<\/a>, <a href=\"\/de\/natur-aktiv\/radfahren\">Rad- oder Biketouren<\/a> oder f\u00fcr Besuche sonstiger <a href=\"\/de\/natur-aktiv\/ausflugstipps\">Ausflugsziele<\/a> in Ober\u00f6sterreich.<\/p>\n<p>Wir, Familie Mayr und das Sperlhofteam in <a href=\"\/de\/natur-aktiv\/windischgarsten\">Windischgarsten<\/a>, begr\u00fc\u00dfen Sie herzlich in einem der beliebtesten <a href=\"\/de\/hotel-in-oberoesterreich\">Hotels in Ober\u00f6sterreich<\/a> - dem Sperlhof.<\/p>","image":[{"publicUrl":"https:\/\/api.sperlhof.at\/fileadmin\/content\/images\/kulinarik\/MK409743.jpg","properties":{"title":null,"alternative":null,"description":null,"link":"\/de\/kulinarik","linkData":{"href":"\/de\/kulinarik","target":null,"class":null,"title":null,"linkText":"Kulinarik","additionalAttributes":[]},"mimeType":"image\/jpeg","type":"image","filename":"MK409743.jpg","originalUrl":"\/fileadmin\/content\/images\/kulinarik\/MK409743.jpg","uidLocal":553,"fileReferenceUid":326,"size":"5 MB","dimensions":{"width":6685,"height":4457},"cropDimensions":{"width":6685,"height":4457},"crop":{"xs":{"cropArea":{"x":0,"y":0,"width":1,"height":1},"selectedRatio":"NaN","focusArea":null},"sm":{"cropArea":{"x":0,"y":0,"width":1,"height":1},"selectedRatio":"NaN","focusArea":null},"md":{"cropArea":{"x":0,"y":0,"width":1,"height":1},"selectedRatio":"NaN","focusArea":null},"lg":{"cropArea":{"x":0,"y":0,"width":1,"height":1},"selectedRatio":"NaN","focusArea":null},"xl":{"cropArea":{"x":0,"y":0,"width":1,"height":1},"selectedRatio":"NaN","focusArea":null},"2xl":{"cropArea":{"x":0,"y":0,"width":1,"height":1},"selectedRatio":"NaN","focusArea":null}},"autoplay":0,"extension":"jpg","link2":"","linkData2":null,"summary":"","copyright":""}},{"publicUrl":"https:\/\/api.sperlhof.at\/fileadmin\/content\/images\/wellness\/pool\/2025_pool_sommer\/SK409432-Bearbeitet.jpg","properties":{"title":null,"alternative":null,"description":null,"link":"\/de\/wellness","linkData":{"href":"\/de\/wellness","target":null,"class":null,"title":null,"linkText":"Wellness & Spa","additionalAttributes":[]},"mimeType":"image\/jpeg","type":"image","filename":"SK409432-Bearbeitet.jpg","originalUrl":"\/fileadmin\/content\/images\/wellness\/pool\/2025_pool_sommer\/SK409432-Bearbeitet.jpg","uidLocal":1956,"fileReferenceUid":1166,"size":"2 MB","dimensions":{"width":3000,"height":2000},"cropDimensions":{"width":3000,"height":2000},"crop":{"xs":{"cropArea":{"x":0,"y":0,"width":1,"height":1},"selectedRatio":"NaN","focusArea":null},"sm":{"cropArea":{"x":0,"y":0,"width":1,"height":1},"selectedRatio":"NaN","focusArea":null},"md":{"cropArea":{"x":0,"y":0,"width":1,"height":1},"selectedRatio":"NaN","focusArea":null},"lg":{"cropArea":{"x":0,"y":0,"width":1,"height":1},"selectedRatio":"NaN","focusArea":null},"xl":{"cropArea":{"x":0,"y":0,"width":1,"height":1},"selectedRatio":"NaN","focusArea":null},"2xl":{"cropArea":{"x":0,"y":0,"width":1,"height":1},"selectedRatio":"NaN","focusArea":null}},"autoplay":0,"extension":"jpg","link2":"","linkData2":null,"summary":"","copyright":""}},{"publicUrl":"https:\/\/api.sperlhof.at\/fileadmin\/content\/images\/kulinarik\/2025_nachspeise\/SK409888.jpg","properties":{"title":null,"alternative":null,"description":null,"link":null,"linkData":null,"mimeType":"image\/jpeg","type":"image","filename":"SK409888.jpg","originalUrl":"\/fileadmin\/content\/images\/kulinarik\/2025_nachspeise\/SK409888.jpg","uidLocal":1972,"fileReferenceUid":1388,"size":"3 MB","dimensions":{"width":3000,"height":2000},"cropDimensions":{"width":3000,"height":2000},"crop":{"xs":{"cropArea":{"x":0,"y":0,"width":1,"height":1},"selectedRatio":"NaN","focusArea":null},"sm":{"cropArea":{"x":0,"y":0,"width":1,"height":1},"selectedRatio":"NaN","focusArea":null},"md":{"cropArea":{"x":0,"y":0,"width":1,"height":1},"selectedRatio":"NaN","focusArea":null},"lg":{"cropArea":{"x":0,"y":0,"width":1,"height":1},"selectedRatio":"NaN","focusArea":null},"xl":{"cropArea":{"x":0,"y":0,"width":1,"height":1},"selectedRatio":"NaN","focusArea":null},"2xl":{"cropArea":{"x":0,"y":0,"width":1,"height":1},"selectedRatio":"NaN","focusArea":null}},"autoplay":0,"extension":"jpg","link2":"","linkData2":null,"summary":"","copyright":""}},{"publicUrl":"https:\/\/api.sperlhof.at\/fileadmin\/content\/images\/kinder_familie\/2025_spielplatz\/sommer\/SK400539.jpg","properties":{"title":null,"alternative":null,"description":null,"link":"\/de\/familienurlaub","linkData":{"href":"\/de\/familienurlaub","target":null,"class":null,"title":null,"linkText":"Familienurlaub","additionalAttributes":[]},"mimeType":"image\/jpeg","type":"image","filename":"SK400539.jpg","originalUrl":"\/fileadmin\/content\/images\/kinder_familie\/2025_spielplatz\/sommer\/SK400539.jpg","uidLocal":1475,"fileReferenceUid":1332,"size":"2 MB","dimensions":{"width":3000,"height":2000},"cropDimensions":{"width":3000,"height":2000},"crop":{"xs":{"cropArea":{"x":0,"y":0,"width":1,"height":1},"selectedRatio":"NaN","focusArea":null},"sm":{"cropArea":{"x":0,"y":0,"width":1,"height":1},"selectedRatio":"NaN","focusArea":null},"md":{"cropArea":{"x":0,"y":0,"width":1,"height":1},"selectedRatio":"NaN","focusArea":null},"lg":{"cropArea":{"x":0,"y":0,"width":1,"height":1},"selectedRatio":"NaN","focusArea":null},"xl":{"cropArea":{"x":0,"y":0,"width":1,"height":1},"selectedRatio":"NaN","focusArea":null},"2xl":{"cropArea":{"x":0,"y":0,"width":1,"height":1},"selectedRatio":"NaN","focusArea":null}},"autoplay":0,"extension":"jpg","link2":"","linkData2":null,"summary":"","copyright":""}},{"publicUrl":"https:\/\/api.sperlhof.at\/fileadmin\/content\/images\/zimmer-preise\/familiensuite\/zimmer_0363.jpg","properties":{"title":null,"alternative":null,"description":null,"link":"\/de\/zimmer-pauschalen","linkData":{"href":"\/de\/zimmer-pauschalen","target":null,"class":null,"title":null,"linkText":"Pauschalen","additionalAttributes":[]},"mimeType":"image\/jpeg","type":"image","filename":"zimmer_0363.jpg","originalUrl":"\/fileadmin\/content\/images\/zimmer-preise\/familiensuite\/zimmer_0363.jpg","uidLocal":356,"fileReferenceUid":323,"size":"3 MB","dimensions":{"width":6464,"height":4204},"cropDimensions":{"width":6464,"height":4204},"crop":{"xs":{"cropArea":{"x":0,"y":0,"width":1,"height":1},"selectedRatio":"NaN","focusArea":null},"sm":{"cropArea":{"x":0,"y":0,"width":1,"height":1},"selectedRatio":"NaN","focusArea":null},"md":{"cropArea":{"x":0,"y":0,"width":1,"height":1},"selectedRatio":"NaN","focusArea":null},"lg":{"cropArea":{"x":0,"y":0,"width":1,"height":1},"selectedRatio":"NaN","focusArea":null},"xl":{"cropArea":{"x":0,"y":0,"width":1,"height":1},"selectedRatio":"NaN","focusArea":null},"2xl":{"cropArea":{"x":0,"y":0,"width":1,"height":1},"selectedRatio":"NaN","focusArea":null}},"autoplay":0,"extension":"jpg","link2":"","linkData2":null,"summary":"","copyright":""}},{"publicUrl":"https:\/\/api.sperlhof.at\/fileadmin\/content\/images\/wellness\/pool\/MK400316_2048.jpg","properties":{"title":null,"alternative":null,"description":"Ganzj\u00e4hrig beheitzter, gro\u00dfer Au\u00dfenpool und Blick zu den Bergen","link":null,"linkData":null,"mimeType":"image\/jpeg","type":"image","filename":"MK400316_2048.jpg","originalUrl":"\/fileadmin\/content\/images\/wellness\/pool\/MK400316_2048.jpg","uidLocal":286,"fileReferenceUid":325,"size":"728 KB","dimensions":{"width":2048,"height":1365},"cropDimensions":{"width":2048,"height":1365},"crop":{"xs":{"cropArea":{"x":0,"y":0,"width":1,"height":1},"selectedRatio":"NaN","focusArea":null},"sm":{"cropArea":{"x":0,"y":0,"width":1,"height":1},"selectedRatio":"NaN","focusArea":null},"md":{"cropArea":{"x":0,"y":0,"width":1,"height":1},"selectedRatio":"NaN","focusArea":null},"lg":{"cropArea":{"x":0,"y":0,"width":1,"height":1},"selectedRatio":"NaN","focusArea":null},"xl":{"cropArea":{"x":0,"y":0,"width":1,"height":1},"selectedRatio":"NaN","focusArea":null},"2xl":{"cropArea":{"x":0,"y":0,"width":1,"height":1},"selectedRatio":"NaN","focusArea":null}},"autoplay":0,"extension":"jpg","link2":"","linkData2":null,"summary":"","copyright":""}}],"signature":"1","media":[{"publicUrl":"https:\/\/api.sperlhof.at\/fileadmin\/content\/images\/hotel\/gastgeber\/Familienfoto2.jpg","properties":{"title":null,"alternative":null,"description":null,"link":null,"linkData":null,"mimeType":"image\/jpeg","type":"image","filename":"Familienfoto2.jpg","originalUrl":"\/fileadmin\/content\/images\/hotel\/gastgeber\/Familienfoto2.jpg","uidLocal":746,"fileReferenceUid":1387,"size":"944 KB","dimensions":{"width":1536,"height":2048},"cropDimensions":{"width":1536,"height":2048},"crop":{"xs":{"cropArea":{"x":0,"y":0,"width":1,"height":1},"selectedRatio":"NaN","focusArea":null},"sm":{"cropArea":{"x":0,"y":0,"width":1,"height":1},"selectedRatio":"NaN","focusArea":null},"md":{"cropArea":{"x":0,"y":0,"width":1,"height":1},"selectedRatio":"NaN","focusArea":null},"lg":{"cropArea":{"x":0,"y":0,"width":1,"height":1},"selectedRatio":"NaN","focusArea":null},"xl":{"cropArea":{"x":0,"y":0,"width":1,"height":1},"selectedRatio":"NaN","focusArea":null},"2xl":{"cropArea":{"x":0,"y":0,"width":1,"height":1},"selectedRatio":"NaN","focusArea":null}},"autoplay":0,"extension":"jpg","link2":"","linkData2":null,"summary":"","copyright":""}}]}},{"id":189,"type":"mask_marquee","colPos":0,"categories":"","appearance":{"layout":"default","frameClass":"default","spaceBefore":"","spaceAfter":"","type":"mask_marquee"},"content":{"header":"","subheader":"","headerLayout":0,"headerPosition":"","headerLink":"","summary":"","text_style":"filled","direction":"rtl","texts":[{"text":"10.000 m\u00b2 Rotwild Gehege","link":"\/de\/familienurlaub\/wildgehege","linktext":"Zum Gehege"},{"text":"Ideal f\u00fcr Familien","link":"\/de\/familienurlaub","linktext":"Ihr Familienurlaub"},{"text":"Seminarhotel","link":"\/de\/seminare","linktext":"Seminar planen"}]}},{"id":562,"type":"mask_fancy_slider","colPos":0,"categories":"","appearance":{"layout":"default","frameClass":"default","spaceBefore":"","spaceAfter":"","type":"mask_fancy_slider"},"content":{"header":"Mitten im Naturparadies Pyhrn-Priel","subheader":"","headerLayout":0,"headerPosition":"","headerLink":"","summary":"Lebensfreude f\u00fcr gro\u00df und klein.","imageslides":[{"image":[{"publicUrl":"https:\/\/api.sperlhof.at\/fileadmin\/content\/images\/wellness\/pool\/2025_pool_sommer\/SK409432-Bearbeitet.jpg","properties":{"title":null,"alternative":null,"description":null,"link":null,"linkData":null,"mimeType":"image\/jpeg","type":"image","filename":"SK409432-Bearbeitet.jpg","originalUrl":"\/fileadmin\/content\/images\/wellness\/pool\/2025_pool_sommer\/SK409432-Bearbeitet.jpg","uidLocal":1956,"fileReferenceUid":1167,"size":"2 MB","dimensions":{"width":3000,"height":2000},"cropDimensions":{"width":3000,"height":2000},"crop":{"xs":{"cropArea":{"x":0,"y":0,"width":1,"height":1},"selectedRatio":"NaN","focusArea":null},"sm":{"cropArea":{"x":0,"y":0,"width":1,"height":1},"selectedRatio":"NaN","focusArea":null},"md":{"cropArea":{"x":0,"y":0,"width":1,"height":1},"selectedRatio":"NaN","focusArea":null},"lg":{"cropArea":{"x":0,"y":0,"width":1,"height":1},"selectedRatio":"NaN","focusArea":null},"xl":{"cropArea":{"x":0,"y":0,"width":1,"height":1},"selectedRatio":"NaN","focusArea":null},"2xl":{"cropArea":{"x":0,"y":0,"width":1,"height":1},"selectedRatio":"NaN","focusArea":null}},"autoplay":0,"extension":"jpg","link2":"","linkData2":null,"summary":"","copyright":""}}],"title":"Wellnesshotel mit Panoramapool","text":"<p>Der ganzj\u00e4hrig<a href=\"\/de\/wellness\/pools\"> beheizte Panoramapool<\/a> mit Inneneinstieg und Sprudelbank samt Liegewiese und Terrasse bietet im\u202f<a href=\"\/de\/wellness\">Wellnesshotel in Ober\u00f6sterreich<\/a>\u202fin der warmen Jahreszeit die perfekte Badelandschaft zum Entspannen, Schwimmen und sich treiben lassen. Aber auch im Winter l\u00e4sst sich das Schweben durch das warme Wasser vor der einzigartigen Kulisse unserer herrlichen Bergwelt uneingeschr\u00e4nkt genie\u00dfen.<\/p>","link":""},{"image":[{"publicUrl":"https:\/\/api.sperlhof.at\/fileadmin\/content\/images\/wellness\/2025_spa_sauna\/MK400813.jpg","properties":{"title":null,"alternative":null,"description":null,"link":null,"linkData":null,"mimeType":"image\/jpeg","type":"image","filename":"MK400813.jpg","originalUrl":"\/fileadmin\/content\/images\/wellness\/2025_spa_sauna\/MK400813.jpg","uidLocal":1401,"fileReferenceUid":1168,"size":"2 MB","dimensions":{"width":3000,"height":2000},"cropDimensions":{"width":3000,"height":2000},"crop":{"xs":{"cropArea":{"x":0,"y":0,"width":1,"height":1},"selectedRatio":"NaN","focusArea":null},"sm":{"cropArea":{"x":0,"y":0,"width":1,"height":1},"selectedRatio":"NaN","focusArea":null},"md":{"cropArea":{"x":0,"y":0,"width":1,"height":1},"selectedRatio":"NaN","focusArea":null},"lg":{"cropArea":{"x":0,"y":0,"width":1,"height":1},"selectedRatio":"NaN","focusArea":null},"xl":{"cropArea":{"x":0,"y":0,"width":1,"height":1},"selectedRatio":"NaN","focusArea":null},"2xl":{"cropArea":{"x":0,"y":0,"width":1,"height":1},"selectedRatio":"NaN","focusArea":null}},"autoplay":0,"extension":"jpg","link2":"","linkData2":null,"summary":"","copyright":""}}],"title":"SPERL.SPA & ALPEN.SPA Adults only","text":"<p>G\u00f6nnen Sie sich eine erholsame Pause vom Alltag. Erleben Sie unvergessliche Erholung im Hotel Sperlhof, wo Entspannung und Natur aufeinandertreffen. Unser neuer, doppelter Wellnessbereich ist perfekt, um abzuschalten und Kraft zu tanken. Neben dem beliebten <a href=\"\/de\/wellness\/sperlspa\">Sperl.SPA<\/a> schafft der neue <a href=\"\/de\/wellness\/alpenspa-adults-only\">Alpen.SPA<\/a> eine Entspannungsoase nur f\u00fcr Erwachsene.<\/p>","link":""},{"image":[{"publicUrl":"https:\/\/api.sperlhof.at\/fileadmin\/content\/images\/seminare\/seminar_1091.jpg","properties":{"title":null,"alternative":null,"description":null,"link":null,"linkData":null,"mimeType":"image\/jpeg","type":"image","filename":"seminar_1091.jpg","originalUrl":"\/fileadmin\/content\/images\/seminare\/seminar_1091.jpg","uidLocal":389,"fileReferenceUid":770,"size":"4 MB","dimensions":{"width":6638,"height":4406},"cropDimensions":{"width":6638,"height":4406},"crop":{"xs":{"cropArea":{"x":0,"y":0,"width":1,"height":1},"selectedRatio":"NaN","focusArea":null},"sm":{"cropArea":{"x":0,"y":0,"width":1,"height":1},"selectedRatio":"NaN","focusArea":null},"md":{"cropArea":{"x":0,"y":0,"width":1,"height":1},"selectedRatio":"NaN","focusArea":null},"lg":{"cropArea":{"x":0,"y":0,"width":1,"height":1},"selectedRatio":"NaN","focusArea":null},"xl":{"cropArea":{"x":0,"y":0,"width":1,"height":1},"selectedRatio":"NaN","focusArea":null},"2xl":{"cropArea":{"x":0,"y":0,"width":1,"height":1},"selectedRatio":"NaN","focusArea":null}},"autoplay":0,"extension":"jpg","link2":"","linkData2":null,"summary":"","copyright":""}}],"title":"Seminarhotel in Ober\u00f6sterreich","text":"<p>Der Sperlhof in Windischgarsten ist Ihr <a href=\"\/de\/seminare\">Seminarhotel in Ober\u00f6sterreich<\/a>. Drei moderne <a href=\"\/de\/seminare\/seminarraeume\">Seminarr\u00e4ume<\/a> f\u00fcr bis zu 200 Personen, 75 komfortable Zimmer, zwei Wellnessbereiche und ein vielf\u00e4ltiges Freizeitangebot. Natur, Kulinarik und Service schaffen die ideale Umgebung f\u00fcr Tagungen, Coachings und Teambuildings.<\/p>","link":""}]}},{"id":193,"type":"text","colPos":0,"categories":"","appearance":{"layout":"default","frameClass":"default","spaceBefore":"","spaceAfter":"","type":"text"},"content":{"header":"Hotel Sperlhof in\r\nWindischgarsten in Ober\u00f6sterreich","subheader":"","headerLayout":1,"headerPosition":"center","headerLink":"","summary":"Lebensfreude und positives Denken.","bodytext":"<p>Das Glas ist immer halb voll. Au\u00dferdem f\u00e4llt <strong>Urlaub im Sperlhof<\/strong> grunds\u00e4tzlich auf die Marmeladenseite des Lebens. Weil eben alles seine besonders sch\u00f6nen Seiten hat. Wer diese betont und auch formuliert, kann seine Gef\u00fchle beeinflussen. Wer dem Leben immer wieder eine l\u00e4chelnde Seite abgewinnt, erntet auch ein L\u00e4cheln. Hier bei uns am Sperlhof gibt es vieles zum Lieben, Lachen und Leben. Kulinarische Gen\u00fcsse, Wellness zum Entspannen, jede Menge Platz zum Aufleben - und Natur pur zum Inhalieren neuer Lebensgeister. Abschalten. Auftanken. Aufleben. Schon Buddha sagte: \u201eDer Geist ist alles \u2013 was du denkst, das wirst du.\u201c<\/p>\n<p>Diese Lebensfreude in allen Farben wird im Sperlhof, dem <strong>Hotel in Windischgarsten in Ober\u00f6sterreich<\/strong>, gelebt. Ob in unserer weitl\u00e4ufigen <strong>Gartenanlage<\/strong>, in unserem <strong>Restaurant <\/strong>oder in der einmaligen <strong>Wellnesswelt<\/strong>.&nbsp;<\/p>\n<p>&nbsp;<\/p>"}},{"id":367,"type":"mask_background_vectors","colPos":0,"categories":"","appearance":{"layout":"default","frameClass":"default","spaceBefore":"","spaceAfter":"none","type":"mask_background_vectors"},"content":{"header":"","subheader":"","headerLayout":0,"headerPosition":"","headerLink":"","summary":"","vectors":"0"}},{"id":368,"type":"div","colPos":0,"categories":"","appearance":{"layout":"default","frameClass":"default","spaceBefore":"","spaceAfter":"","type":"div"},"content":{"header":""}},{"id":191,"type":"sectioncontent_pi1","colPos":0,"categories":"","appearance":{"layout":"default","frameClass":"default","spaceBefore":"","spaceAfter":"","type":"sectioncontent_pi1"},"content":{"header":"Hotelzimmer\r\nin allen Farben","subheader":"","headerLayout":1,"headerPosition":"center","headerLink":"","summary":"Der Sperlhof in \u00d6sterreich.","bodytext":"","data":{"uids":{"91":91,"89":89,"83":83,"54":54,"85":85,"81":81,"79":79,"87":87},"pageInfo":[{"uid":91,"pid":30,"publish_date":1753813853,"teaser_title":"Familiensuite Modern","teaser_subtitle":"","teaser_description":null,"sys_language_uid":0,"author":"","author_email":"","tx_sectioncontent_abstract_attr_1":"","tx_sectioncontent_abstract_attr_2":"","tx_sectioncontent_abstract_attr_3":"4 - 6","tx_sectioncontent_abstract_attr_4":"42 m\u00b2","tx_sectioncontent_abstract_attr_5":"2 Doppelbetten und Ausziehcouch m\u00f6glich","tx_sectioncontent_abstract_attr_6":"Mit Badewanne & WC","tx_sectioncontent_abstract_attr_7":"","tx_sectioncontent_abstract_attr_8":"11","media":[],"tx_sectioncontent_abstract_image":[{"publicUrl":"https:\/\/api.sperlhof.at\/fileadmin\/content\/images\/zimmer-preise\/familiensuite\/zimmer_0355.jpg","properties":{"title":null,"alternative":null,"description":null,"link":null,"linkData":null,"mimeType":"image\/jpeg","type":"image","filename":"zimmer_0355.jpg","originalUrl":"\/fileadmin\/content\/images\/zimmer-preise\/familiensuite\/zimmer_0355.jpg","uidLocal":354,"fileReferenceUid":311,"size":"3 MB","dimensions":{"width":6951,"height":4583},"cropDimensions":{"width":6951,"height":4583},"crop":{"xs":{"cropArea":{"height":1,"width":0.659,"x":0.3,"y":0},"selectedRatio":"1:1","focusArea":null},"sm":{"cropArea":{"height":1,"width":0.659,"x":0.275,"y":0},"selectedRatio":"1:1","focusArea":null},"md":{"cropArea":{"height":1,"width":0.659,"x":0.25,"y":0},"selectedRatio":"1:1","focusArea":null},"lg":{"cropArea":{"height":1,"width":0.659,"x":0.268,"y":0},"selectedRatio":"1:1","focusArea":null},"xl":{"cropArea":{"height":1,"width":0.659,"x":0.266,"y":0},"selectedRatio":"1:1","focusArea":null},"2xl":{"cropArea":{"height":1,"width":0.659,"x":0.258,"y":0},"selectedRatio":"1:1","focusArea":null}},"autoplay":null,"extension":"jpg","link2":null,"linkData2":null,"summary":null,"copyright":""}}],"tx_sectioncontent_abstract_image_2":[],"tx_sectioncontent_abstract_image_3":[],"tx_sectioncontent_abstract_image_4":[],"tx_sectioncontent_abstract_reference_url":"","l10n_parent":0,"backend_layout":"pagets__room","sorting":1664,"categories":[],"link":"\/de\/zimmer-pauschalen\/zimmer-suiten\/familiensuite-modern"},{"uid":89,"pid":30,"publish_date":1753813433,"teaser_title":"Wohlf\u00fchlzimmer","teaser_subtitle":"","teaser_description":null,"sys_language_uid":0,"author":"","author_email":"","tx_sectioncontent_abstract_attr_1":"","tx_sectioncontent_abstract_attr_2":"","tx_sectioncontent_abstract_attr_3":"2 - 4","tx_sectioncontent_abstract_attr_4":"26 m\u00b2","tx_sectioncontent_abstract_attr_5":"Doppelbett und Ausziehcouch m\u00f6glich","tx_sectioncontent_abstract_attr_6":"Mit Badewanne und WC separat","tx_sectioncontent_abstract_attr_7":"","tx_sectioncontent_abstract_attr_8":"13","media":[],"tx_sectioncontent_abstract_image":[{"publicUrl":"https:\/\/api.sperlhof.at\/fileadmin\/content\/images\/zimmer-preise\/wohlfuehlzimmer\/zimmer_0381.jpg","properties":{"title":null,"alternative":null,"description":null,"link":null,"linkData":null,"mimeType":"image\/jpeg","type":"image","filename":"zimmer_0381.jpg","originalUrl":"\/fileadmin\/content\/images\/zimmer-preise\/wohlfuehlzimmer\/zimmer_0381.jpg","uidLocal":338,"fileReferenceUid":297,"size":"3 MB","dimensions":{"width":6813,"height":4481},"cropDimensions":{"width":6813,"height":4481},"crop":{"xs":{"cropArea":{"height":1,"width":0.658,"x":0,"y":0},"selectedRatio":"1:1","focusArea":null},"sm":{"cropArea":{"height":1,"width":0.658,"x":0,"y":0},"selectedRatio":"1:1","focusArea":null},"md":{"cropArea":{"height":1,"width":0.658,"x":0,"y":0},"selectedRatio":"1:1","focusArea":null},"lg":{"cropArea":{"height":1,"width":0.658,"x":0,"y":0},"selectedRatio":"1:1","focusArea":null},"xl":{"cropArea":{"height":1,"width":0.658,"x":0,"y":0},"selectedRatio":"1:1","focusArea":null},"2xl":{"cropArea":{"height":1,"width":0.658,"x":0,"y":0},"selectedRatio":"1:1","focusArea":null}},"autoplay":null,"extension":"jpg","link2":null,"linkData2":null,"summary":null,"copyright":""}}],"tx_sectioncontent_abstract_image_2":[],"tx_sectioncontent_abstract_image_3":[],"tx_sectioncontent_abstract_image_4":[],"tx_sectioncontent_abstract_reference_url":"","l10n_parent":0,"backend_layout":"pagets__room","sorting":896,"categories":[],"link":"\/de\/zimmer-pauschalen\/zimmer-suiten\/wohlfuehlzimmer"},{"uid":83,"pid":30,"publish_date":1753811995,"teaser_title":"G\u00e4stehaus","teaser_subtitle":"","teaser_description":null,"sys_language_uid":0,"author":"","author_email":"","tx_sectioncontent_abstract_attr_1":"","tx_sectioncontent_abstract_attr_2":"","tx_sectioncontent_abstract_attr_3":"2","tx_sectioncontent_abstract_attr_4":"26 m\u00b2","tx_sectioncontent_abstract_attr_5":"Doppelbett und Ausziehcouch","tx_sectioncontent_abstract_attr_6":"Badewanne und WC separat","tx_sectioncontent_abstract_attr_7":"","tx_sectioncontent_abstract_attr_8":"7","media":[],"tx_sectioncontent_abstract_image":[{"publicUrl":"https:\/\/api.sperlhof.at\/fileadmin\/content\/images\/zimmer-preise\/gaestehaus\/IMG-2601.jpg","properties":{"title":null,"alternative":null,"description":null,"link":null,"linkData":null,"mimeType":"image\/jpeg","type":"image","filename":"IMG-2601.jpg","originalUrl":"\/fileadmin\/content\/images\/zimmer-preise\/gaestehaus\/IMG-2601.jpg","uidLocal":332,"fileReferenceUid":259,"size":"4 MB","dimensions":{"width":3946,"height":2630},"cropDimensions":{"width":3946,"height":2630},"crop":{"xs":{"cropArea":{"height":1,"width":0.666,"x":0,"y":0},"selectedRatio":"1:1","focusArea":null},"sm":{"cropArea":{"height":1,"width":0.666,"x":0,"y":0},"selectedRatio":"1:1","focusArea":null},"md":{"cropArea":{"height":1,"width":0.666,"x":0,"y":0},"selectedRatio":"1:1","focusArea":null},"lg":{"cropArea":{"height":1,"width":0.666,"x":0,"y":0},"selectedRatio":"1:1","focusArea":null},"xl":{"cropArea":{"height":1,"width":0.666,"x":0,"y":0},"selectedRatio":"1:1","focusArea":null},"2xl":{"cropArea":{"height":1,"width":0.666,"x":0,"y":0},"selectedRatio":"1:1","focusArea":null}},"autoplay":null,"extension":"jpg","link2":null,"linkData2":null,"summary":null,"copyright":""}}],"tx_sectioncontent_abstract_image_2":[],"tx_sectioncontent_abstract_image_3":[],"tx_sectioncontent_abstract_image_4":[],"tx_sectioncontent_abstract_reference_url":"","l10n_parent":0,"backend_layout":"pagets__room","sorting":4096,"categories":[],"link":"\/de\/zimmer-pauschalen\/zimmer-suiten\/gaestehaus"},{"uid":54,"pid":30,"publish_date":1710935995,"teaser_title":"Golden Suite","teaser_subtitle":"","teaser_description":null,"sys_language_uid":0,"author":"","author_email":"","tx_sectioncontent_abstract_attr_1":"","tx_sectioncontent_abstract_attr_2":"","tx_sectioncontent_abstract_attr_3":"4 - 8","tx_sectioncontent_abstract_attr_4":"ca. 100 m\u00b2","tx_sectioncontent_abstract_attr_5":"3 Doppelbetten und Ausziehcouch","tx_sectioncontent_abstract_attr_6":"Badewanne & Dusche und 2x WC seperat","tx_sectioncontent_abstract_attr_7":null,"tx_sectioncontent_abstract_attr_8":"9","media":[],"tx_sectioncontent_abstract_image":[{"publicUrl":"https:\/\/api.sperlhof.at\/fileadmin\/content\/images\/zimmer-preise\/golden_suite\/zimmer_1052.jpg","properties":{"title":null,"alternative":null,"description":null,"link":null,"linkData":null,"mimeType":"image\/jpeg","type":"image","filename":"zimmer_1052.jpg","originalUrl":"\/fileadmin\/content\/images\/zimmer-preise\/golden_suite\/zimmer_1052.jpg","uidLocal":336,"fileReferenceUid":221,"size":"3 MB","dimensions":{"width":6484,"height":4323},"cropDimensions":{"width":6484,"height":4323},"crop":{"xs":{"cropArea":{"height":1,"width":0.667,"x":0.016,"y":0},"selectedRatio":"1:1","focusArea":null},"sm":{"cropArea":{"height":1,"width":0.667,"x":0.016,"y":0},"selectedRatio":"1:1","focusArea":null},"md":{"cropArea":{"height":1,"width":0.667,"x":0.017,"y":0},"selectedRatio":"1:1","focusArea":null},"lg":{"cropArea":{"height":1,"width":0.667,"x":0.021,"y":0},"selectedRatio":"1:1","focusArea":null},"xl":{"cropArea":{"height":1,"width":0.667,"x":0.02,"y":0},"selectedRatio":"1:1","focusArea":null},"2xl":{"cropArea":{"height":1,"width":0.667,"x":0.02,"y":0},"selectedRatio":"1:1","focusArea":null}},"autoplay":null,"extension":"jpg","link2":null,"linkData2":null,"summary":null,"copyright":""}}],"tx_sectioncontent_abstract_image_2":[],"tx_sectioncontent_abstract_image_3":[],"tx_sectioncontent_abstract_image_4":[],"tx_sectioncontent_abstract_reference_url":null,"l10n_parent":0,"backend_layout":"pagets__room","sorting":2304,"categories":[],"link":"\/de\/zimmer-pauschalen\/zimmer-suiten\/familiensuite-golden-suite"},{"uid":85,"pid":30,"publish_date":1753812438,"teaser_title":"Doppelzimmer","teaser_subtitle":"","teaser_description":null,"sys_language_uid":0,"author":"","author_email":"","tx_sectioncontent_abstract_attr_1":"","tx_sectioncontent_abstract_attr_2":"","tx_sectioncontent_abstract_attr_3":"2","tx_sectioncontent_abstract_attr_4":"18-21 m\u00b2","tx_sectioncontent_abstract_attr_5":"Doppelbett","tx_sectioncontent_abstract_attr_6":"Mit Badewanne oder Dusche & WC","tx_sectioncontent_abstract_attr_7":"","tx_sectioncontent_abstract_attr_8":"1","media":[],"tx_sectioncontent_abstract_image":[{"publicUrl":"https:\/\/api.sperlhof.at\/fileadmin\/content\/images\/zimmer-preise\/zimmer_31_quer.jpg","properties":{"title":null,"alternative":null,"description":null,"link":null,"linkData":null,"mimeType":"image\/jpeg","type":"image","filename":"zimmer_31_quer.jpg","originalUrl":"\/fileadmin\/content\/images\/zimmer-preise\/zimmer_31_quer.jpg","uidLocal":370,"fileReferenceUid":272,"size":"56 KB","dimensions":{"width":640,"height":480},"cropDimensions":{"width":640,"height":480},"crop":{"xs":{"cropArea":{"x":0,"y":0,"width":1,"height":1},"selectedRatio":"NaN","focusArea":null},"sm":{"cropArea":{"x":0,"y":0,"width":1,"height":1},"selectedRatio":"NaN","focusArea":null},"md":{"cropArea":{"x":0,"y":0,"width":1,"height":1},"selectedRatio":"NaN","focusArea":null},"lg":{"cropArea":{"x":0,"y":0,"width":1,"height":1},"selectedRatio":"NaN","focusArea":null},"xl":{"cropArea":{"x":0,"y":0,"width":1,"height":1},"selectedRatio":"NaN","focusArea":null},"2xl":{"cropArea":{"x":0,"y":0,"width":1,"height":1},"selectedRatio":"NaN","focusArea":null}},"autoplay":null,"extension":"jpg","link2":null,"linkData2":null,"summary":null,"copyright":""}}],"tx_sectioncontent_abstract_image_2":[],"tx_sectioncontent_abstract_image_3":[],"tx_sectioncontent_abstract_image_4":[],"tx_sectioncontent_abstract_reference_url":"","l10n_parent":0,"backend_layout":"pagets__room","sorting":4864,"categories":[],"link":"\/de\/zimmer-pauschalen\/zimmer-suiten\/doppelzimmer"},{"uid":81,"pid":30,"publish_date":1753811565,"teaser_title":"Rustikal","teaser_subtitle":"","teaser_description":null,"sys_language_uid":0,"author":"","author_email":"","tx_sectioncontent_abstract_attr_1":"","tx_sectioncontent_abstract_attr_2":"","tx_sectioncontent_abstract_attr_3":"4 - 5","tx_sectioncontent_abstract_attr_4":"ca. 36 - 42 m\u00b2","tx_sectioncontent_abstract_attr_5":"2 Doppelbetten und 1 Einzelbett","tx_sectioncontent_abstract_attr_6":"Badewanne & WC separat","tx_sectioncontent_abstract_attr_7":"","tx_sectioncontent_abstract_attr_8":"2","media":[],"tx_sectioncontent_abstract_image":[{"publicUrl":"https:\/\/api.sperlhof.at\/fileadmin\/content\/images\/zimmer-preise\/familiensuite_rustikal\/zimmer_0373.jpg","properties":{"title":null,"alternative":null,"description":null,"link":null,"linkData":null,"mimeType":"image\/jpeg","type":"image","filename":"zimmer_0373.jpg","originalUrl":"\/fileadmin\/content\/images\/zimmer-preise\/familiensuite_rustikal\/zimmer_0373.jpg","uidLocal":327,"fileReferenceUid":247,"size":"3 MB","dimensions":{"width":6523,"height":4268},"cropDimensions":{"width":6523,"height":4268},"crop":{"xs":{"cropArea":{"x":0.51,"y":0.002522257952646712,"width":0.489,"height":0.9964845360824742},"selectedRatio":"3:4","focusArea":null},"sm":{"cropArea":{"x":0.51,"y":0.0009932059648791278,"width":0.489,"height":0.9964845360824742},"selectedRatio":"3:4","focusArea":null},"md":{"cropArea":{"x":0.51,"y":0.0009932059648791278,"width":0.489,"height":0.9964845360824742},"selectedRatio":"3:4","focusArea":null},"lg":{"cropArea":{"x":0.51,"y":0.002522257952646712,"width":0.489,"height":0.9964845360824742},"selectedRatio":"3:4","focusArea":null},"xl":{"cropArea":{"x":0.51,"y":0.0009932059648791278,"width":0.489,"height":0.9964845360824742},"selectedRatio":"3:4","focusArea":null},"2xl":{"cropArea":{"x":0.51,"y":0.0009932059648791278,"width":0.489,"height":0.9964845360824742},"selectedRatio":"3:4","focusArea":null}},"autoplay":null,"extension":"jpg","link2":null,"linkData2":null,"summary":null,"copyright":""}}],"tx_sectioncontent_abstract_image_2":[],"tx_sectioncontent_abstract_image_3":[],"tx_sectioncontent_abstract_image_4":[],"tx_sectioncontent_abstract_reference_url":"","l10n_parent":0,"backend_layout":"pagets__room","sorting":3840,"categories":[],"link":"\/de\/zimmer-pauschalen\/zimmer-suiten\/familiensuite-rustikal"},{"uid":79,"pid":30,"publish_date":1753811065,"teaser_title":"Sophie Zimmer","teaser_subtitle":"","teaser_description":null,"sys_language_uid":0,"author":"","author_email":"","tx_sectioncontent_abstract_attr_1":"","tx_sectioncontent_abstract_attr_2":"","tx_sectioncontent_abstract_attr_3":"1 - 4","tx_sectioncontent_abstract_attr_4":"43 m\u00b2","tx_sectioncontent_abstract_attr_5":"Doppelbett und Ausziehcouch m\u00f6glich","tx_sectioncontent_abstract_attr_6":"Badewanne \/ Doppelwaschbecken und WC separat","tx_sectioncontent_abstract_attr_7":"","tx_sectioncontent_abstract_attr_8":"8","media":[],"tx_sectioncontent_abstract_image":[{"publicUrl":"https:\/\/api.sperlhof.at\/fileadmin\/content\/images\/zimmer-preise\/sophie\/zimmer_0971.jpg","properties":{"title":null,"alternative":null,"description":null,"link":null,"linkData":null,"mimeType":"image\/jpeg","type":"image","filename":"zimmer_0971.jpg","originalUrl":"\/fileadmin\/content\/images\/zimmer-preise\/sophie\/zimmer_0971.jpg","uidLocal":361,"fileReferenceUid":235,"size":"3 MB","dimensions":{"width":6614,"height":4283},"cropDimensions":{"width":6614,"height":4283},"crop":{"xs":{"cropArea":{"x":0.27819198613491025,"y":0.11574074074074074,"width":0.5726160277301795,"height":0.8842592592592593},"selectedRatio":"1:1","focusArea":null},"sm":{"cropArea":{"x":0.2681953366782769,"y":0.1003086419753087,"width":0.5826093266434461,"height":0.8996913580246912},"selectedRatio":"1:1","focusArea":null},"md":{"cropArea":{"x":0.27319366140659357,"y":0.10802469135802469,"width":0.5776126771868129,"height":0.8919753086419753},"selectedRatio":"1:1","focusArea":null},"lg":{"cropArea":{"x":0.2761926562435836,"y":0.11265432098765438,"width":0.5746146875128328,"height":0.8873456790123456},"selectedRatio":"1:1","focusArea":null},"xl":{"cropArea":{"x":0.2681953366782769,"y":0.1003086419753087,"width":0.5826093266434461,"height":0.8996913580246912},"selectedRatio":"1:1","focusArea":null},"2xl":{"cropArea":{"x":0.2711946665696036,"y":0.10339506172839506,"width":0.5806106668607929,"height":0.8966049382716049},"selectedRatio":"1:1","focusArea":null}},"autoplay":null,"extension":"jpg","link2":null,"linkData2":null,"summary":null,"copyright":""}}],"tx_sectioncontent_abstract_image_2":[],"tx_sectioncontent_abstract_image_3":[],"tx_sectioncontent_abstract_image_4":[],"tx_sectioncontent_abstract_reference_url":"","l10n_parent":0,"backend_layout":"pagets__room","sorting":3072,"categories":[],"link":"\/de\/zimmer-pauschalen\/zimmer-suiten\/sophie-zimmer"},{"uid":87,"pid":30,"publish_date":1753812842,"teaser_title":"Giebelzimmer","teaser_subtitle":"","teaser_description":null,"sys_language_uid":0,"author":"","author_email":"","tx_sectioncontent_abstract_attr_1":"","tx_sectioncontent_abstract_attr_2":"","tx_sectioncontent_abstract_attr_3":"2","tx_sectioncontent_abstract_attr_4":"21 m\u00b2","tx_sectioncontent_abstract_attr_5":"Doppelbett","tx_sectioncontent_abstract_attr_6":"Badezimmer mit Dusche & WC","tx_sectioncontent_abstract_attr_7":"","tx_sectioncontent_abstract_attr_8":"12","media":[],"tx_sectioncontent_abstract_image":[{"publicUrl":"https:\/\/api.sperlhof.at\/fileadmin\/content\/images\/zimmer-preise\/giebelzimmer\/giebelzimmer1.jpg","properties":{"title":null,"alternative":null,"description":null,"link":null,"linkData":null,"mimeType":"image\/jpeg","type":"image","filename":"giebelzimmer1.jpg","originalUrl":"\/fileadmin\/content\/images\/zimmer-preise\/giebelzimmer\/giebelzimmer1.jpg","uidLocal":116,"fileReferenceUid":284,"size":"280 KB","dimensions":{"width":1920,"height":1439},"cropDimensions":{"width":1920,"height":1439},"crop":{"xs":{"cropArea":{"height":1,"width":0.749,"x":0,"y":0},"selectedRatio":"1:1","focusArea":null},"sm":{"cropArea":{"height":1,"width":0.749,"x":0,"y":0},"selectedRatio":"1:1","focusArea":null},"md":{"cropArea":{"height":1,"width":0.749,"x":0,"y":0},"selectedRatio":"1:1","focusArea":null},"lg":{"cropArea":{"height":1,"width":0.749,"x":0,"y":0},"selectedRatio":"1:1","focusArea":null},"xl":{"cropArea":{"height":1,"width":0.749,"x":0,"y":0},"selectedRatio":"1:1","focusArea":null},"2xl":{"cropArea":{"height":1,"width":0.749,"x":0,"y":0},"selectedRatio":"1:1","focusArea":null}},"autoplay":null,"extension":"jpg","link2":null,"linkData2":null,"summary":null,"copyright":""}}],"tx_sectioncontent_abstract_image_2":[],"tx_sectioncontent_abstract_image_3":[],"tx_sectioncontent_abstract_image_4":[],"tx_sectioncontent_abstract_reference_url":"","l10n_parent":0,"backend_layout":"pagets__room","sorting":128,"categories":[],"link":"\/de\/zimmer-pauschalen\/zimmer-suiten\/giebelzimmer"}],"layout":"slider","link":"\/de\/zimmer-pauschalen\/zimmer-suiten","linktext":"Alle Zimmer & Suiten"}}},{"id":192,"type":"mask_foldable","colPos":0,"categories":"","appearance":{"layout":"default","frameClass":"default","spaceBefore":"","spaceAfter":"","type":"mask_foldable"},"content":{"header":"5 Gr\u00fcnde f\u00fcr den Sperlhof","subheader":"","headerLayout":1,"headerPosition":"","headerLink":"","summary":"Lebensfreude f\u00fcr alle Urlauber.","header_layout":"1","text":"","link":"","foldables":[{"icon":[{"publicUrl":"https:\/\/api.sperlhof.at\/fileadmin\/content\/icons\/natur.svg","properties":{"title":null,"alternative":null,"description":null,"link":null,"linkData":null,"mimeType":"image\/svg+xml","type":"image","filename":"natur.svg","originalUrl":"\/fileadmin\/content\/icons\/natur.svg","uidLocal":1981,"fileReferenceUid":1169,"size":"942 B","dimensions":{"width":34,"height":34},"cropDimensions":{"width":34,"height":34},"crop":{"xs":{"cropArea":{"x":0,"y":0,"width":1,"height":1},"selectedRatio":"NaN","focusArea":null},"sm":{"cropArea":{"x":0,"y":0,"width":1,"height":1},"selectedRatio":"NaN","focusArea":null},"md":{"cropArea":{"x":0,"y":0,"width":1,"height":1},"selectedRatio":"NaN","focusArea":null},"lg":{"cropArea":{"x":0,"y":0,"width":1,"height":1},"selectedRatio":"NaN","focusArea":null},"xl":{"cropArea":{"x":0,"y":0,"width":1,"height":1},"selectedRatio":"NaN","focusArea":null},"2xl":{"cropArea":{"x":0,"y":0,"width":1,"height":1},"selectedRatio":"NaN","focusArea":null}},"autoplay":0,"extension":"svg","link2":"","linkData2":null,"summary":"","copyright":""}}],"title":"Entdecke die Pyhrn-Priel Region","text":"<p><strong>Die Pyhrn-Priel Region ist ein Naturparadies - <\/strong>Im Sommer erwarten Sie gr\u00fcne Almen, glasklare Bergseen und ein weitl\u00e4ufiges Netz an Wanderwegen. Ob entspannte Spazierg\u00e4nge durch bl\u00fchende T\u00e4ler oder anspruchsvolle Gipfeltouren \u2013 f\u00fcr jeden Anspruch findet sich die passende Route. Erg\u00e4nzt wird das Angebot durch abwechslungsreiche Radstrecken: Beim Radfahren in Ober\u00f6sterreich entdecken Genussradler, Mountainbiker und Rennradfahrer gleicherma\u00dfen ideale Bedingungen. Mit der inkludierten <a href=\"\/de\/natur-aktiv\/pyhrn-priel-card\">Pyhrn-Priel Card<\/a> profitieren G\u00e4ste au\u00dferdem von zahlreichen Gratisleistungen und Erm\u00e4\u00dfigungen, wie der Nutzung von Bergbahnen, Eintritten oder Freizeiterlebnissen.<\/p>\n<p>Im Winter zeigt sich die <a href=\"\/de\/natur-aktiv\/pyhrn-priel-region\">Pyhrn-Priel Region<\/a> von seiner verschneiten Seite. Die Skigebiete Hinterstoder und Wurzeralm begeistern mit bestens pr\u00e4parierten Pisten und familienfreundlichen Angeboten. Langl\u00e4ufer, Schneeschuhwanderer und Winterwanderer genie\u00dfen stille Landschaften, die zu sportlicher Aktivit\u00e4t ebenso einladen wie zu Momenten der Ruhe.<\/p>\n<p>Ihr perfekter Ausgangspunkt ist das Hotel Sperlhof: Nach aktiven Tagen entspannen Sie im Wellnessbereich, genie\u00dfen kulinarische Highlights und lassen im beheizten Panoramapool mit Blick auf die Berge die Seele baumeln.<\/p>","image":[],"invert":"0"},{"icon":[{"publicUrl":"https:\/\/api.sperlhof.at\/fileadmin\/content\/icons\/radfahren.svg","properties":{"title":null,"alternative":null,"description":null,"link":null,"linkData":null,"mimeType":"image\/svg+xml","type":"image","filename":"radfahren.svg","originalUrl":"\/fileadmin\/content\/icons\/radfahren.svg","uidLocal":1982,"fileReferenceUid":1170,"size":"1 KB","dimensions":{"width":34,"height":34},"cropDimensions":{"width":34,"height":34},"crop":{"xs":{"cropArea":{"x":0,"y":0,"width":1,"height":1},"selectedRatio":"NaN","focusArea":null},"sm":{"cropArea":{"x":0,"y":0,"width":1,"height":1},"selectedRatio":"NaN","focusArea":null},"md":{"cropArea":{"x":0,"y":0,"width":1,"height":1},"selectedRatio":"NaN","focusArea":null},"lg":{"cropArea":{"x":0,"y":0,"width":1,"height":1},"selectedRatio":"NaN","focusArea":null},"xl":{"cropArea":{"x":0,"y":0,"width":1,"height":1},"selectedRatio":"NaN","focusArea":null},"2xl":{"cropArea":{"x":0,"y":0,"width":1,"height":1},"selectedRatio":"NaN","focusArea":null}},"autoplay":0,"extension":"svg","link2":"","linkData2":null,"summary":"","copyright":""}}],"title":"Radfahren in der Pyhrn-Priel Region","text":"<p><strong>Ein Genuss f\u00fcr alle Sinne<\/strong> - Die Urlaubsregion Pyhrn-Priel begeistert alle, die gerne mit dem Fahrrad unterwegs sind. Ganz gleich, ob Sie sportlicher Mountainbiker, ambitionierter Rennradfahrer oder entspannter Genussradler sind \u2013 hier erwarten Sie unz\u00e4hlige M\u00f6glichkeiten. Die Region beeindruckt durch abwechslungsreiche Naturlandschaften: imposante Berge, dichte W\u00e4lder und glitzernde Seen.<\/p>\n<p>Rund 1.000 Kilometer Radwege stehen f\u00fcr Radtouren bereit. Ob anspruchsvolle Bergrouten, herausfordernde P\u00e4sse, spannende Trails oder gem\u00fctliche Radstrecken \u2013 in der Urlaubsregion Pyhrn-Priel finden Sie Touren in allen Schwierigkeitsgraden. Wer das <a href=\"\/de\/natur-aktiv\/radfahren\">Radfahren in Ober\u00f6sterreich<\/a> erleben m\u00f6chte, entdeckt hier ideale Voraussetzungen, um Natur und Bewegung perfekt zu verbinden.<\/p>\n<p>PS: Seit 2024 haben wir einen neuen Bike-Raum.<\/p>","image":[],"invert":"0"},{"icon":[{"publicUrl":"https:\/\/api.sperlhof.at\/fileadmin\/content\/icons\/sommer.svg","properties":{"title":null,"alternative":null,"description":null,"link":null,"linkData":null,"mimeType":"image\/svg+xml","type":"image","filename":"sommer.svg","originalUrl":"\/fileadmin\/content\/icons\/sommer.svg","uidLocal":1985,"fileReferenceUid":1171,"size":"2 KB","dimensions":{"width":34,"height":34},"cropDimensions":{"width":34,"height":34},"crop":{"xs":{"cropArea":{"x":0,"y":0,"width":1,"height":1},"selectedRatio":"NaN","focusArea":null},"sm":{"cropArea":{"x":0,"y":0,"width":1,"height":1},"selectedRatio":"NaN","focusArea":null},"md":{"cropArea":{"x":0,"y":0,"width":1,"height":1},"selectedRatio":"NaN","focusArea":null},"lg":{"cropArea":{"x":0,"y":0,"width":1,"height":1},"selectedRatio":"NaN","focusArea":null},"xl":{"cropArea":{"x":0,"y":0,"width":1,"height":1},"selectedRatio":"NaN","focusArea":null},"2xl":{"cropArea":{"x":0,"y":0,"width":1,"height":1},"selectedRatio":"NaN","focusArea":null}},"autoplay":0,"extension":"svg","link2":"","linkData2":null,"summary":"","copyright":""}}],"title":"Sommerferien in Windischgarsten","text":"<p><strong>Familien-Aktivurlaub im Hotel Sperlhof -<\/strong> Willkommen in der <a href=\"\/de\/natur-aktiv\/pyhrn-priel-region\">Pyhrn-Priel-Region<\/a> mit ihren unendlichen Freizeit- und Aktivurlaubsm\u00f6glichkeiten. Im Hotel Sperlhof in Windischgarsten in Ober\u00f6sterreich erwartet <a href=\"\/de\/natur-aktiv\/sommer-in-oberoesterreich\">Aktivurlauber<\/a>, Wellnessg\u00e4ste und Familien ein \u00fcberaus abwechslungsreiches Angebot.&nbsp;<\/p>\n<p><a href=\"\/de\/natur-aktiv\/baden\">Baden im nahegelegenen Gleinkersee<\/a> und in der eigenen Badelandschaft im riesigen Hotelgarten, ausgedehnte <a href=\"\/de\/natur-aktiv\/wandern\">Wanderungen<\/a>, <a href=\"\/de\/natur-aktiv\/golf\">Golfen<\/a> auf der angrenzenden 18-Loch-Golfanlage \u201eGC-Dilly\u201c oder <a href=\"\/de\/natur-aktiv\/radfahren\">Mountainbiken<\/a> im Nationalpark Kalkalpen sind nur ein kleiner Ausriss aus dem, was bei uns an Abenteuern und Action alles m\u00f6glich ist. Knapp 1.000 km an markierten Wanderwegen, Bergtouren unterschiedlichster Schwierigkeitsgrade, Klettersteige und zahllose Ausflugsm\u00f6glichkeiten f\u00fchren Sie in die intakte, oft unber\u00fchrte Natur der Region. Mit ihrer einzigartigen Flora und Fauna garantiert sie alpine Erlebnisse in beispiellosem Abwechslungsreichtum. F\u00fcr den richtigen Adrenalinkick sorgen Rafting, Downhill oder Bogenschie\u00dfen.&nbsp;<\/p>\n<p>Wer die Stille sucht, findet in der idyllischen Ruhelage unserer Hotelanlage stets einen Ort zum Meditieren \u2013 perfekt f\u00fcr einen erholsamen Sommerurlaub in Ober\u00f6sterreich.<\/p>","image":[],"invert":"0"},{"icon":[{"publicUrl":"https:\/\/api.sperlhof.at\/fileadmin\/content\/icons\/winter.svg","properties":{"title":null,"alternative":null,"description":null,"link":null,"linkData":null,"mimeType":"image\/svg+xml","type":"image","filename":"winter.svg","originalUrl":"\/fileadmin\/content\/icons\/winter.svg","uidLocal":1984,"fileReferenceUid":1172,"size":"3 KB","dimensions":{"width":34,"height":34},"cropDimensions":{"width":34,"height":34},"crop":{"xs":{"cropArea":{"x":0,"y":0,"width":1,"height":1},"selectedRatio":"NaN","focusArea":null},"sm":{"cropArea":{"x":0,"y":0,"width":1,"height":1},"selectedRatio":"NaN","focusArea":null},"md":{"cropArea":{"x":0,"y":0,"width":1,"height":1},"selectedRatio":"NaN","focusArea":null},"lg":{"cropArea":{"x":0,"y":0,"width":1,"height":1},"selectedRatio":"NaN","focusArea":null},"xl":{"cropArea":{"x":0,"y":0,"width":1,"height":1},"selectedRatio":"NaN","focusArea":null},"2xl":{"cropArea":{"x":0,"y":0,"width":1,"height":1},"selectedRatio":"NaN","focusArea":null}},"autoplay":0,"extension":"svg","link2":"","linkData2":null,"summary":"","copyright":""}}],"title":"Winterurlaub am Sperlhof","text":"<p><strong>Mitten im Schneeparadies Pyhrn-Priel<\/strong> - Im Hotel Sperlhof in Windischgarsten ist der <a href=\"\/de\/natur-aktiv\/winter\">Winterurlaub<\/a> eine Klasse f\u00fcr sich. Das berauschende Panorama der schneebedeckten Berge vor dem Hotel h\u00e4lt alles, was es verspricht.<\/p>\n<p>Mit Hinterstoder und der Wurzeralm befinden sich gleich zwei Skigebiete in unmittelbarer N\u00e4he unseres Hotels. Im <a href=\"\/de\/natur-aktiv\/skifahren-snowboarden\">Skiurlaub<\/a> warten 20 Lifte und insgesamt 70 bestens pr\u00e4parierte und beschneite, nicht zusammenh\u00e4ngende Pistenkilometer von \u201eblau\u201c bis \u201eschwarz\u201c auf Sie. Abseits der Pisten bietet Windischgarsten unz\u00e4hlige weitere M\u00f6glichkeiten, den Winter ausgiebig zu feiern. <a href=\"\/de\/natur-aktiv\/schneeschuhwandern-oberoesterreich\">Schneewandern<\/a>, <a href=\"\/de\/natur-aktiv\/langlaufen\">Langlaufen<\/a>, Rodeln und erholsame Stunden voller Wellnessgenuss im ganzj\u00e4hrig beheizten Panoramapool und den umgebenden Spa\u00b4s des Hotels Sperlhof sind perfekte Alternativen!&nbsp;<\/p>","image":[],"invert":"0"},{"icon":[{"publicUrl":"https:\/\/api.sperlhof.at\/fileadmin\/content\/icons\/family.svg","properties":{"title":null,"alternative":null,"description":null,"link":null,"linkData":null,"mimeType":"image\/svg+xml","type":"image","filename":"family.svg","originalUrl":"\/fileadmin\/content\/icons\/family.svg","uidLocal":1983,"fileReferenceUid":1173,"size":"2 KB","dimensions":{"width":34,"height":34},"cropDimensions":{"width":34,"height":34},"crop":{"xs":{"cropArea":{"x":0,"y":0,"width":1,"height":1},"selectedRatio":"NaN","focusArea":null},"sm":{"cropArea":{"x":0,"y":0,"width":1,"height":1},"selectedRatio":"NaN","focusArea":null},"md":{"cropArea":{"x":0,"y":0,"width":1,"height":1},"selectedRatio":"NaN","focusArea":null},"lg":{"cropArea":{"x":0,"y":0,"width":1,"height":1},"selectedRatio":"NaN","focusArea":null},"xl":{"cropArea":{"x":0,"y":0,"width":1,"height":1},"selectedRatio":"NaN","focusArea":null},"2xl":{"cropArea":{"x":0,"y":0,"width":1,"height":1},"selectedRatio":"NaN","focusArea":null}},"autoplay":0,"extension":"svg","link2":"","linkData2":null,"summary":"","copyright":""}}],"title":"Familienurlaub in Ober\u00f6sterreich","text":"<p><strong>Der Sperlhof ist familienfit<\/strong> - Lebensfreude ist das Sperlhof-Motto \u2013 unser Familien-Angebot ist daf\u00fcr ma\u00dfgeschneidert. Was unseren kleinen wie gro\u00dfen G\u00e4sten besonders viel Freude macht, ist das tolle Angebot an Raum, Platz und Zeit, das Ihnen im Hotel in Windischgarsten zur Verf\u00fcgung steht. Dazu geh\u00f6ren ein 10.000 m\u00b2 gro\u00dfer Naturgarten mit eigenem <a href=\"\/de\/familienurlaub\/wildgehege\">Rotwildgehege<\/a> inklusive Aussichtsplattform, ein riesiger <a href=\"\/de\/familienurlaub\/spielplatz\">Abenteuerspielplatz<\/a> mit Trampolin, Gokarts, Kletterturm und mehr. und ein Indoor-Spielraum.<\/p>\n<p>Der SPERL.Spa ist ein Wellnessbereich f\u00fcr alle Generationen. Da k\u00f6nnen Erwachsene und Kinder den Alltag hinter sich lassen. Hallenbad und Au\u00dfenpool bieten ganzj\u00e4hriges Wellness und Badevergn\u00fcgen f\u00fcr jedes Alter. Ein besonderes Highlight ist der beheizte Outdoor-Panoramapool mit bequemem Inneneinstieg und einzigartigem Ausblick auf die umliegende Bergwelt. Hier l\u00e4sst es sich wunderbar entspannen und genie\u00dfen \u2013 besonders auf der wohltuenden Sprudelbank. Erholung f\u00fcr K\u00f6rper und Geist finden Sie auch in unserer belebenden Saunalandschaft mit klassisch Finnischer Sauna und Dampfbad.<\/p>\n<p>Gro\u00dfz\u00fcgig geschnittene <a href=\"\/de\/zimmer-pauschalen\/zimmer-suiten\">Familienzimmer<\/a> mit Kinder- und Baby-Ausstattung sowie ein familienfreundliches <a href=\"\/de\/kulinarik\/restaurant-sperlhof\">Restaurant<\/a> erg\u00e4nzen das Familienangebot. Last but not least seien die Pyhrn-Priel-Region und der Nationalpark Kalkalpen im <a href=\"\/de\/familienurlaub\">Familienurlaub in Ober\u00f6sterreich<\/a> mit einem unendlichen Familienangebot und vielen kleinen und gro\u00dfen Abenteuern erw\u00e4hnt.&nbsp;<\/p>","image":[],"invert":"0"}]}},{"id":196,"type":"mask_blog_teaser","colPos":0,"categories":"","appearance":{"layout":"default","frameClass":"default","spaceBefore":"","spaceAfter":"","type":"mask_blog_teaser"},"content":{"header":"Lebensfreude \r\nH\u00fclle und F\u00fclle","subheader":"","headerLayout":1,"headerPosition":"","headerLink":"","summary":"Themen rund um den Sperlhof","header_layout":"1","blogentries":"67fc15aa-7a10-4931-bf26-c911453c802a,aef9b793-40aa-45b4-9c74-3826ae6c7d98,da06b102-ee68-4cdc-8016-2340e6be41f9","image":[{"publicUrl":"https:\/\/api.sperlhof.at\/fileadmin\/content\/images\/tiergehege\/MK406757.jpg","properties":{"title":null,"alternative":null,"description":null,"link":null,"linkData":null,"mimeType":"image\/jpeg","type":"image","filename":"MK406757.jpg","originalUrl":"\/fileadmin\/content\/images\/tiergehege\/MK406757.jpg","uidLocal":785,"fileReferenceUid":887,"size":"811 KB","dimensions":{"width":2048,"height":1365},"cropDimensions":{"width":2048,"height":1365},"crop":{"xs":{"cropArea":{"x":0,"y":0,"width":1,"height":1},"selectedRatio":"NaN","focusArea":null},"sm":{"cropArea":{"x":0,"y":0,"width":1,"height":1},"selectedRatio":"NaN","focusArea":null},"md":{"cropArea":{"x":0,"y":0,"width":1,"height":1},"selectedRatio":"NaN","focusArea":null},"lg":{"cropArea":{"x":0,"y":0,"width":1,"height":1},"selectedRatio":"NaN","focusArea":null},"xl":{"cropArea":{"x":0,"y":0,"width":1,"height":1},"selectedRatio":"NaN","focusArea":null},"2xl":{"cropArea":{"x":0,"y":0,"width":1,"height":1},"selectedRatio":"NaN","focusArea":null}},"autoplay":0,"extension":"jpg","link2":"","linkData2":null,"summary":"","copyright":""}}]}},{"id":194,"type":"mask_faq","colPos":0,"categories":"","appearance":{"layout":"default","frameClass":"default","spaceBefore":"","spaceAfter":"","type":"mask_faq"},"content":{"header":"","subheader":"","headerLayout":0,"headerPosition":"","headerLink":"","summary":"","header_layout":"0","faq":[{"icon":[],"title":"Was k\u00f6nnen Sie vom einem Urlaub im Hotel Sperlhof in Windischgarsten erwarten? ","text":"<p>Lebensfreude in allen Farben lautet das Motto im\u202fHotel Sperlhof in Ober\u00f6sterreich. Ob in der Natur der Pyhrn-Priel-Region, in unserer weitl\u00e4ufigen Gartenanlage, unseren hoteleigenen Wellnessbereichen oder im Restaurant, Entspannung und Genuss stehen bei uns an oberster Stelle. Zeit f\u00fcr sich und Ruhe finden Sie beim Treibenlassen im neuen, ganzj\u00e4hrig beheizten Panoramapool mit Inneneinstieg, in unseren hoteleigenen Sperl SPA und Alpen SPA mit zwei Saunalandschaften, Hallenbad und Ruhebereichen. Aber auch der Gaumen darf sich freuen\u202f\u00fcber unsere abwechslungsreiche Speisekarte. Action und Spa\u00df erwarten Sie in der Natur und im 10.000 m\u00b2 Naturgarten mit Rotwildgehege und riesigem Abenteuerspielplatz. Stilvoll eingerichtete Hotelzimmer runden das Angebot im Hotel Windischgarsten ab. Machen Sie nicht nur Urlaub, sondern tanken Sie Lebensfreude im\u202fHotel Sperlhof in Ober\u00f6sterreich.<\/p>"},{"icon":[],"title":"Welches Hotel in Windischgarsten eignet sich besonders gut f\u00fcr Familien? ","text":"<p>Familien brauchen Platz, Kinder eine M\u00f6glichkeit zum Spielen, nahegelegene Fleckchen unber\u00fchrter Natur zum Entdecken und leckeres Essen. All das muss die perfekte Urlaubs-Unterkunft f\u00fcr einen gem\u00fctlichen Familienurlaub bieten. Das\u202fHotel Sperlhof in Windischgarsten deckt nicht nur alle diese Punkte vollauf ab, es bietet sogar noch mehr. N\u00e4mlich einen gro\u00dfz\u00fcgigen, hoteleigenen Wellnessbereich f\u00fcr die ganze Familie. Sowohl auch unseren ALPEN.Spa (16+) wo Mama oder Papa relaxen k\u00f6nnen, w\u00e4hrend Kids &amp; Co. in der 10.000 m\u00b2 Gartenanlage mit Abenteuerspielplatz und Wildgehege spielen, entspannte Me-Time konsumieren. Das Rundum Wohlf\u00fchl-Hotelangebot macht Ihren Familienurlaub zur entspannten Family-Time mit Mehrwert.<\/p>"},{"icon":[],"title":"Welche Einrichtungen bietet das Hotel Sperlhof seinen G\u00e4sten? ","text":"<p>Das auff\u00e4lligste Highlight im Hotel Sperlhof in Windischgarsten ist der Panoramapool. Ganzj\u00e4hrig beheizt l\u00e4dt er zum Treiben lassen ein. Hinzu kommt ein doppelter Wellnessbereich, der Sperl SPA f\u00fcr Familien und der Adults Only Alpen SPA mit Panorama-Biosauna, finnischer Sauna, Tee-Lounge und eleganten Ruher\u00e4umen. Die gem\u00fctlichen Hotelzimmer bieten Ausblicke in die umliegende Bergwelt, und der 10.000 m\u00b2 gro\u00dfe Naturgarten l\u00e4dt zum Durchatmen oder Toben am Abenteuerspielplatz ein. Ein gro\u00dfes Highlight ist auch das Rotwildgehege mit Aussichtsplattform. Das\u202fHotel Sperlhof in Ober\u00f6sterreich ist auch die perfekte Unterkunft bzw. Location f\u00fcr Ihr\u202f<a href=\"\/de\/seminare\">Seminar<\/a>. Mit bestens ausgestatteten\u202f<a href=\"\/de\/seminare\/seminarraeume\">Seminarr\u00e4umen<\/a>\u202fund ma\u00dfgeschneiderten Angeboten, nat\u00fcrlichem Ambiente und serviceorientierten Gastgebern, wird Ihr Seminar oder Ihre Veranstaltung zum vollen Erfolg.<\/p>"}]}},{"id":363,"type":"mask_full_width_image_slider","colPos":0,"categories":"","appearance":{"layout":"default","frameClass":"default","spaceBefore":"","spaceAfter":"","type":"mask_full_width_image_slider"},"content":{"header":"","subheader":"","headerLayout":0,"headerPosition":"","headerLink":"","summary":"","image":[{"publicUrl":"https:\/\/api.sperlhof.at\/fileadmin\/content\/images\/wellness\/pool\/kinder\/MK309548_2048.jpg","properties":{"title":null,"alternative":null,"description":null,"link":null,"linkData":null,"mimeType":"image\/jpeg","type":"image","filename":"MK309548_2048.jpg","originalUrl":"\/fileadmin\/content\/images\/wellness\/pool\/kinder\/MK309548_2048.jpg","uidLocal":456,"fileReferenceUid":459,"size":"566 KB","dimensions":{"width":2048,"height":1365},"cropDimensions":{"width":2048,"height":1365},"crop":{"xs":{"cropArea":{"height":1,"width":0.5,"x":0.287,"y":0},"selectedRatio":"3:4","focusArea":null},"sm":{"cropArea":{"height":1,"width":0.5,"x":0.29,"y":0},"selectedRatio":"3:4","focusArea":null},"md":{"cropArea":{"height":0.8425787106446777,"width":0.999,"x":0,"y":0.15592203898050974},"selectedRatio":"16:9","focusArea":null},"lg":{"cropArea":{"height":0.8425787106446777,"width":0.999,"x":0,"y":0.15592203898050974},"selectedRatio":"16:9","focusArea":null},"xl":{"cropArea":{"height":0.8425787106446777,"width":0.999,"x":0,"y":0.15592203898050974},"selectedRatio":"16:9","focusArea":null},"2xl":{"cropArea":{"height":0.8425787106446777,"width":0.999,"x":0,"y":0.15592203898050974},"selectedRatio":"16:9","focusArea":null}},"autoplay":0,"extension":"jpg","link2":"","linkData2":null,"summary":"","copyright":""}},{"publicUrl":"https:\/\/api.sperlhof.at\/fileadmin\/content\/images\/hotel\/2025_aussen\/MK400411-_3_.jpg","properties":{"title":null,"alternative":null,"description":null,"link":null,"linkData":null,"mimeType":"image\/jpeg","type":"image","filename":"MK400411-_3_.jpg","originalUrl":"\/fileadmin\/content\/images\/hotel\/2025_aussen\/MK400411-_3_.jpg","uidLocal":1820,"fileReferenceUid":1175,"size":"1 MB","dimensions":{"width":3000,"height":2000},"cropDimensions":{"width":3000,"height":2000},"crop":{"xs":{"cropArea":{"x":0,"y":0,"width":1,"height":1},"selectedRatio":"NaN","focusArea":null},"sm":{"cropArea":{"x":0,"y":0,"width":1,"height":1},"selectedRatio":"NaN","focusArea":null},"md":{"cropArea":{"x":0,"y":0,"width":1,"height":1},"selectedRatio":"NaN","focusArea":null},"lg":{"cropArea":{"x":0,"y":0,"width":1,"height":1},"selectedRatio":"NaN","focusArea":null},"xl":{"cropArea":{"x":0,"y":0,"width":1,"height":1},"selectedRatio":"NaN","focusArea":null},"2xl":{"cropArea":{"x":0,"y":0,"width":1,"height":1},"selectedRatio":"NaN","focusArea":null}},"autoplay":0,"extension":"jpg","link2":"","linkData2":null,"summary":"","copyright":""}},{"publicUrl":"https:\/\/api.sperlhof.at\/fileadmin\/content\/images\/hotel\/2025_drohne_sommer\/DJI_0231-HDR-Bearbeitet.jpg","properties":{"title":null,"alternative":null,"description":null,"link":null,"linkData":null,"mimeType":"image\/jpeg","type":"image","filename":"DJI_0231-HDR-Bearbeitet.jpg","originalUrl":"\/fileadmin\/content\/images\/hotel\/2025_drohne_sommer\/DJI_0231-HDR-Bearbeitet.jpg","uidLocal":955,"fileReferenceUid":1176,"size":"1 MB","dimensions":{"width":3000,"height":1999},"cropDimensions":{"width":3000,"height":1999},"crop":{"xs":{"cropArea":{"x":0,"y":0,"width":1,"height":1},"selectedRatio":"NaN","focusArea":null},"sm":{"cropArea":{"x":0,"y":0,"width":1,"height":1},"selectedRatio":"NaN","focusArea":null},"md":{"cropArea":{"x":0,"y":0,"width":1,"height":1},"selectedRatio":"NaN","focusArea":null},"lg":{"cropArea":{"x":0,"y":0,"width":1,"height":1},"selectedRatio":"NaN","focusArea":null},"xl":{"cropArea":{"x":0,"y":0,"width":1,"height":1},"selectedRatio":"NaN","focusArea":null},"2xl":{"cropArea":{"x":0,"y":0,"width":1,"height":1},"selectedRatio":"NaN","focusArea":null}},"autoplay":0,"extension":"jpg","link2":"","linkData2":null,"summary":"","copyright":""}},{"publicUrl":"https:\/\/api.sperlhof.at\/fileadmin\/content\/images\/kulinarik\/2025_terrasse\/MK409973-_4_.jpg","properties":{"title":null,"alternative":null,"description":null,"link":null,"linkData":null,"mimeType":"image\/jpeg","type":"image","filename":"MK409973-_4_.jpg","originalUrl":"\/fileadmin\/content\/images\/kulinarik\/2025_terrasse\/MK409973-_4_.jpg","uidLocal":1904,"fileReferenceUid":1177,"size":"1 MB","dimensions":{"width":3000,"height":2000},"cropDimensions":{"width":3000,"height":2000},"crop":{"xs":{"cropArea":{"x":0,"y":0,"width":1,"height":1},"selectedRatio":"NaN","focusArea":null},"sm":{"cropArea":{"x":0,"y":0,"width":1,"height":1},"selectedRatio":"NaN","focusArea":null},"md":{"cropArea":{"x":0,"y":0,"width":1,"height":1},"selectedRatio":"NaN","focusArea":null},"lg":{"cropArea":{"x":0,"y":0,"width":1,"height":1},"selectedRatio":"NaN","focusArea":null},"xl":{"cropArea":{"x":0,"y":0,"width":1,"height":1},"selectedRatio":"NaN","focusArea":null},"2xl":{"cropArea":{"x":0,"y":0,"width":1,"height":1},"selectedRatio":"NaN","focusArea":null}},"autoplay":0,"extension":"jpg","link2":"","linkData2":null,"summary":"","copyright":""}},{"publicUrl":"https:\/\/api.sperlhof.at\/fileadmin\/content\/images\/tiergehege\/2025_sommer\/SK400945.jpg","properties":{"title":null,"alternative":null,"description":null,"link":null,"linkData":null,"mimeType":"image\/jpeg","type":"image","filename":"SK400945.jpg","originalUrl":"\/fileadmin\/content\/images\/tiergehege\/2025_sommer\/SK400945.jpg","uidLocal":1921,"fileReferenceUid":1178,"size":"4 MB","dimensions":{"width":3000,"height":2000},"cropDimensions":{"width":3000,"height":2000},"crop":{"xs":{"cropArea":{"x":0,"y":0,"width":1,"height":1},"selectedRatio":"NaN","focusArea":null},"sm":{"cropArea":{"x":0,"y":0,"width":1,"height":1},"selectedRatio":"NaN","focusArea":null},"md":{"cropArea":{"x":0,"y":0,"width":1,"height":1},"selectedRatio":"NaN","focusArea":null},"lg":{"cropArea":{"x":0,"y":0,"width":1,"height":1},"selectedRatio":"NaN","focusArea":null},"xl":{"cropArea":{"x":0,"y":0,"width":1,"height":1},"selectedRatio":"NaN","focusArea":null},"2xl":{"cropArea":{"x":0,"y":0,"width":1,"height":1},"selectedRatio":"NaN","focusArea":null}},"autoplay":0,"extension":"jpg","link2":"","linkData2":null,"summary":"","copyright":""}},{"publicUrl":"https:\/\/api.sperlhof.at\/fileadmin\/content\/images\/wellness\/2025_spa_sauna\/MK401094.jpg","properties":{"title":null,"alternative":null,"description":null,"link":null,"linkData":null,"mimeType":"image\/jpeg","type":"image","filename":"MK401094.jpg","originalUrl":"\/fileadmin\/content\/images\/wellness\/2025_spa_sauna\/MK401094.jpg","uidLocal":1416,"fileReferenceUid":1179,"size":"3 MB","dimensions":{"width":3000,"height":2000},"cropDimensions":{"width":3000,"height":2000},"crop":{"xs":{"cropArea":{"x":0,"y":0,"width":1,"height":1},"selectedRatio":"NaN","focusArea":null},"sm":{"cropArea":{"x":0,"y":0,"width":1,"height":1},"selectedRatio":"NaN","focusArea":null},"md":{"cropArea":{"x":0,"y":0,"width":1,"height":1},"selectedRatio":"NaN","focusArea":null},"lg":{"cropArea":{"x":0,"y":0,"width":1,"height":1},"selectedRatio":"NaN","focusArea":null},"xl":{"cropArea":{"x":0,"y":0,"width":1,"height":1},"selectedRatio":"NaN","focusArea":null},"2xl":{"cropArea":{"x":0,"y":0,"width":1,"height":1},"selectedRatio":"NaN","focusArea":null}},"autoplay":0,"extension":"jpg","link2":"","linkData2":null,"summary":"","copyright":""}},{"publicUrl":"https:\/\/api.sperlhof.at\/fileadmin\/content\/images\/wellness\/2025_spa_sauna\/MK401121.jpg","properties":{"title":null,"alternative":null,"description":null,"link":null,"linkData":null,"mimeType":"image\/jpeg","type":"image","filename":"MK401121.jpg","originalUrl":"\/fileadmin\/content\/images\/wellness\/2025_spa_sauna\/MK401121.jpg","uidLocal":1412,"fileReferenceUid":1180,"size":"1 MB","dimensions":{"width":3000,"height":2000},"cropDimensions":{"width":3000,"height":2000},"crop":{"xs":{"cropArea":{"x":0,"y":0,"width":1,"height":1},"selectedRatio":"NaN","focusArea":null},"sm":{"cropArea":{"x":0,"y":0,"width":1,"height":1},"selectedRatio":"NaN","focusArea":null},"md":{"cropArea":{"x":0,"y":0,"width":1,"height":1},"selectedRatio":"NaN","focusArea":null},"lg":{"cropArea":{"x":0,"y":0,"width":1,"height":1},"selectedRatio":"NaN","focusArea":null},"xl":{"cropArea":{"x":0,"y":0,"width":1,"height":1},"selectedRatio":"NaN","focusArea":null},"2xl":{"cropArea":{"x":0,"y":0,"width":1,"height":1},"selectedRatio":"NaN","focusArea":null}},"autoplay":0,"extension":"jpg","link2":"","linkData2":null,"summary":"","copyright":""}},{"publicUrl":"https:\/\/api.sperlhof.at\/fileadmin\/content\/images\/wellness\/pool\/2025_pool_sommer\/SK400136.jpg","properties":{"title":null,"alternative":null,"description":null,"link":null,"linkData":null,"mimeType":"image\/jpeg","type":"image","filename":"SK400136.jpg","originalUrl":"\/fileadmin\/content\/images\/wellness\/pool\/2025_pool_sommer\/SK400136.jpg","uidLocal":1909,"fileReferenceUid":1181,"size":"3 MB","dimensions":{"width":3000,"height":2000},"cropDimensions":{"width":3000,"height":2000},"crop":{"xs":{"cropArea":{"x":0,"y":0,"width":1,"height":1},"selectedRatio":"NaN","focusArea":null},"sm":{"cropArea":{"x":0,"y":0,"width":1,"height":1},"selectedRatio":"NaN","focusArea":null},"md":{"cropArea":{"x":0,"y":0,"width":1,"height":1},"selectedRatio":"NaN","focusArea":null},"lg":{"cropArea":{"x":0,"y":0,"width":1,"height":1},"selectedRatio":"NaN","focusArea":null},"xl":{"cropArea":{"x":0,"y":0,"width":1,"height":1},"selectedRatio":"NaN","focusArea":null},"2xl":{"cropArea":{"x":0,"y":0,"width":1,"height":1},"selectedRatio":"NaN","focusArea":null}},"autoplay":0,"extension":"jpg","link2":"","linkData2":null,"summary":"","copyright":""}},{"publicUrl":"https:\/\/api.sperlhof.at\/fileadmin\/content\/images\/wellness\/pool\/2025_pool_sommer\/SK401145.jpg","properties":{"title":null,"alternative":null,"description":null,"link":null,"linkData":null,"mimeType":"image\/jpeg","type":"image","filename":"SK401145.jpg","originalUrl":"\/fileadmin\/content\/images\/wellness\/pool\/2025_pool_sommer\/SK401145.jpg","uidLocal":1922,"fileReferenceUid":1182,"size":"1 MB","dimensions":{"width":3000,"height":2000},"cropDimensions":{"width":3000,"height":2000},"crop":{"xs":{"cropArea":{"x":0,"y":0,"width":1,"height":1},"selectedRatio":"NaN","focusArea":null},"sm":{"cropArea":{"x":0,"y":0,"width":1,"height":1},"selectedRatio":"NaN","focusArea":null},"md":{"cropArea":{"x":0,"y":0,"width":1,"height":1},"selectedRatio":"NaN","focusArea":null},"lg":{"cropArea":{"x":0,"y":0,"width":1,"height":1},"selectedRatio":"NaN","focusArea":null},"xl":{"cropArea":{"x":0,"y":0,"width":1,"height":1},"selectedRatio":"NaN","focusArea":null},"2xl":{"cropArea":{"x":0,"y":0,"width":1,"height":1},"selectedRatio":"NaN","focusArea":null}},"autoplay":0,"extension":"jpg","link2":"","linkData2":null,"summary":"","copyright":""}}]}}],"colPos50":[{"id":22,"type":"mask_hero_media","colPos":50,"categories":"","appearance":{"layout":"default","frameClass":"default","spaceBefore":"","spaceAfter":"","type":"mask_hero_media"},"content":{"header":"","subheader":"In allen Farben.","headerLayout":0,"headerPosition":"","headerLink":"","summary":"","image":[{"publicUrl":"https:\/\/api.sperlhof.at\/fileadmin\/content\/images\/hotel\/aussen\/DJI_0136-HDR-Bearbeitet_2048.jpg","properties":{"title":null,"alternative":null,"description":null,"link":null,"linkData":null,"mimeType":"image\/jpeg","type":"image","filename":"DJI_0136-HDR-Bearbeitet_2048.jpg","originalUrl":"\/fileadmin\/content\/images\/hotel\/aussen\/DJI_0136-HDR-Bearbeitet_2048.jpg","uidLocal":83,"fileReferenceUid":319,"size":"841 KB","dimensions":{"width":2048,"height":1364},"cropDimensions":{"width":2048,"height":1364},"crop":{"xs":{"cropArea":{"x":0,"y":0,"width":1,"height":1},"selectedRatio":"NaN","focusArea":null},"sm":{"cropArea":{"x":0,"y":0,"width":1,"height":1},"selectedRatio":"NaN","focusArea":null},"md":{"cropArea":{"x":0,"y":0,"width":1,"height":1},"selectedRatio":"NaN","focusArea":null},"lg":{"cropArea":{"x":0,"y":0,"width":1,"height":1},"selectedRatio":"NaN","focusArea":null},"xl":{"cropArea":{"x":0,"y":0,"width":1,"height":1},"selectedRatio":"NaN","focusArea":null},"2xl":{"cropArea":{"x":0,"y":0,"width":1,"height":1},"selectedRatio":"NaN","focusArea":null}},"autoplay":0,"extension":"jpg","link2":"","linkData2":null,"summary":"","copyright":""}},{"publicUrl":"https:\/\/api.sperlhof.at\/fileadmin\/content\/images\/kinder_familie\/2025_pool\/MK309458.jpg","properties":{"title":null,"alternative":null,"description":null,"link":null,"linkData":null,"mimeType":"image\/jpeg","type":"image","filename":"MK309458.jpg","originalUrl":"\/fileadmin\/content\/images\/kinder_familie\/2025_pool\/MK309458.jpg","uidLocal":1720,"fileReferenceUid":1333,"size":"1 MB","dimensions":{"width":3000,"height":2000},"cropDimensions":{"width":3000,"height":2000},"crop":{"xs":{"cropArea":{"x":0,"y":0,"width":1,"height":1},"selectedRatio":"NaN","focusArea":null},"sm":{"cropArea":{"x":0,"y":0,"width":1,"height":1},"selectedRatio":"NaN","focusArea":null},"md":{"cropArea":{"x":0,"y":0,"width":1,"height":1},"selectedRatio":"NaN","focusArea":null},"lg":{"cropArea":{"x":0,"y":0,"width":1,"height":1},"selectedRatio":"NaN","focusArea":null},"xl":{"cropArea":{"x":0,"y":0,"width":1,"height":1},"selectedRatio":"NaN","focusArea":null},"2xl":{"cropArea":{"x":0,"y":0,"width":1,"height":1},"selectedRatio":"NaN","focusArea":null}},"autoplay":0,"extension":"jpg","link2":"","linkData2":null,"summary":"","copyright":""}},{"publicUrl":"https:\/\/api.sperlhof.at\/fileadmin\/content\/images\/wellness\/pool\/2025_pool_sommer\/MK409927.jpg","properties":{"title":null,"alternative":null,"description":null,"link":null,"linkData":null,"mimeType":"image\/jpeg","type":"image","filename":"MK409927.jpg","originalUrl":"\/fileadmin\/content\/images\/wellness\/pool\/2025_pool_sommer\/MK409927.jpg","uidLocal":1895,"fileReferenceUid":1334,"size":"1 MB","dimensions":{"width":3000,"height":2000},"cropDimensions":{"width":3000,"height":2000},"crop":{"xs":{"cropArea":{"x":0,"y":0,"width":1,"height":1},"selectedRatio":"NaN","focusArea":null},"sm":{"cropArea":{"x":0,"y":0,"width":1,"height":1},"selectedRatio":"NaN","focusArea":null},"md":{"cropArea":{"x":0,"y":0,"width":1,"height":1},"selectedRatio":"NaN","focusArea":null},"lg":{"cropArea":{"x":0,"y":0,"width":1,"height":1},"selectedRatio":"NaN","focusArea":null},"xl":{"cropArea":{"x":0,"y":0,"width":1,"height":1},"selectedRatio":"NaN","focusArea":null},"2xl":{"cropArea":{"x":0,"y":0,"width":1,"height":1},"selectedRatio":"NaN","focusArea":null}},"autoplay":0,"extension":"jpg","link2":"","linkData2":null,"summary":"","copyright":""}},{"publicUrl":"https:\/\/api.sperlhof.at\/fileadmin\/content\/images\/kinder_familie\/spielplatz\/SK400684_2048.jpg","properties":{"title":null,"alternative":null,"description":null,"link":null,"linkData":null,"mimeType":"image\/jpeg","type":"image","filename":"SK400684_2048.jpg","originalUrl":"\/fileadmin\/content\/images\/kinder_familie\/spielplatz\/SK400684_2048.jpg","uidLocal":151,"fileReferenceUid":1335,"size":"983 KB","dimensions":{"width":2048,"height":1365},"cropDimensions":{"width":2048,"height":1365},"crop":{"xs":{"cropArea":{"x":0,"y":0,"width":1,"height":1},"selectedRatio":"NaN","focusArea":null},"sm":{"cropArea":{"x":0,"y":0,"width":1,"height":1},"selectedRatio":"NaN","focusArea":null},"md":{"cropArea":{"x":0,"y":0,"width":1,"height":1},"selectedRatio":"NaN","focusArea":null},"lg":{"cropArea":{"x":0,"y":0,"width":1,"height":1},"selectedRatio":"NaN","focusArea":null},"xl":{"cropArea":{"x":0,"y":0,"width":1,"height":1},"selectedRatio":"NaN","focusArea":null},"2xl":{"cropArea":{"x":0,"y":0,"width":1,"height":1},"selectedRatio":"NaN","focusArea":null}},"autoplay":0,"extension":"jpg","link2":"","linkData2":null,"summary":"","copyright":""}},{"publicUrl":"https:\/\/api.sperlhof.at\/fileadmin\/content\/images\/wellness\/sauna\/MK400778_2048.jpg","properties":{"title":null,"alternative":null,"description":null,"link":null,"linkData":null,"mimeType":"image\/jpeg","type":"image","filename":"MK400778_2048.jpg","originalUrl":"\/fileadmin\/content\/images\/wellness\/sauna\/MK400778_2048.jpg","uidLocal":462,"fileReferenceUid":1336,"size":"855 KB","dimensions":{"width":2048,"height":1365},"cropDimensions":{"width":2048,"height":1365},"crop":{"xs":{"cropArea":{"x":0,"y":0,"width":1,"height":1},"selectedRatio":"NaN","focusArea":null},"sm":{"cropArea":{"x":0,"y":0,"width":1,"height":1},"selectedRatio":"NaN","focusArea":null},"md":{"cropArea":{"x":0,"y":0,"width":1,"height":1},"selectedRatio":"NaN","focusArea":null},"lg":{"cropArea":{"x":0,"y":0,"width":1,"height":1},"selectedRatio":"NaN","focusArea":null},"xl":{"cropArea":{"x":0,"y":0,"width":1,"height":1},"selectedRatio":"NaN","focusArea":null},"2xl":{"cropArea":{"x":0,"y":0,"width":1,"height":1},"selectedRatio":"NaN","focusArea":null}},"autoplay":0,"extension":"jpg","link2":"","linkData2":null,"summary":"","copyright":""}}],"hero_buttons":[{"link_text":"\u00dcber den Sperlhof","link":"\/de\/sperlhof"}]}}],"colPos999":[]},"i18n":[{"languageId":0,"locale":"de_DE.UTF-8","title":"German","navigationTitle":"German","twoLetterIsoCode":"de","hreflang":"de-DE","direction":"ltr","flag":"flags-de","link":"\/de\/","active":1,"current":0,"available":1},{"languageId":1,"locale":"en_US","title":"English","navigationTitle":"English","twoLetterIsoCode":"en","hreflang":"en","direction":"ltr","flag":"flags-en-us-gb","link":"\/en\/","active":0,"current":0,"available":1},{"languageId":2,"locale":"nl_NL","title":"Dutch","navigationTitle":"Nederlands","twoLetterIsoCode":"nl","hreflang":"nl","direction":"ltr","flag":"flags-nl","link":"\/nl\/","active":0,"current":0,"available":1},{"languageId":3,"locale":"cs_CZ","title":"Czech","navigationTitle":"\u010ce\u0161tina","twoLetterIsoCode":"cs","hreflang":"cs","direction":"ltr","flag":"flags-cz","link":"\/cs\/","active":0,"current":0,"available":1}],"gowest":{"rootPid":"1","bodyclass":"home pid1 root1","sectioncontent":{"overviewtitle":"","overviewsubtitle":"","overviewdescription":"","attr1":"","attr2":"","attr3":"","attr4":"","attr5":"","attr6":"","attr7":"","attr8":"","image1":[{"publicUrl":"https:\/\/api.sperlhof.at\/fileadmin\/content\/images\/hotel\/aussen\/DJI_0136-HDR-Bearbeitet_2048.jpg","properties":{"title":null,"alternative":null,"description":null,"link":null,"linkData":null,"mimeType":"image\/jpeg","type":"image","filename":"DJI_0136-HDR-Bearbeitet_2048.jpg","originalUrl":"\/fileadmin\/content\/images\/hotel\/aussen\/DJI_0136-HDR-Bearbeitet_2048.jpg","uidLocal":83,"fileReferenceUid":322,"size":"841 KB","dimensions":{"width":2048,"height":1364},"cropDimensions":{"width":2048,"height":1364},"crop":{"xs":{"cropArea":{"x":0,"y":0,"width":1,"height":1},"selectedRatio":"NaN","focusArea":null},"sm":{"cropArea":{"x":0,"y":0,"width":1,"height":1},"selectedRatio":"NaN","focusArea":null},"md":{"cropArea":{"x":0,"y":0,"width":1,"height":1},"selectedRatio":"NaN","focusArea":null},"lg":{"cropArea":{"x":0,"y":0,"width":1,"height":1},"selectedRatio":"NaN","focusArea":null},"xl":{"cropArea":{"x":0,"y":0,"width":1,"height":1},"selectedRatio":"NaN","focusArea":null},"2xl":{"cropArea":{"x":0,"y":0,"width":1,"height":1},"selectedRatio":"NaN","focusArea":null}},"autoplay":0,"extension":"jpg","link2":"","linkData2":null,"summary":"","copyright":""}}],"image2":[],"image3":[],"image4":[]},"inherit":"0"}}